{"id":137,"date":"2023-06-27T17:50:19","date_gmt":"2023-06-27T17:50:19","guid":{"rendered":"https:\/\/talleresalonso.com\/?page_id=137"},"modified":"2023-06-29T16:38:26","modified_gmt":"2023-06-29T16:38:26","slug":"quienes-somos","status":"publish","type":"page","link":"https:\/\/talleresalonso.com\/?page_id=137","title":{"rendered":"Quienes Somos"},"content":{"rendered":"\t\t<div data-elementor-type=\"wp-page\" data-elementor-id=\"137\" class=\"elementor elementor-137\">\n\t\t\t\t\t\t<section class=\"elementor-section elementor-top-section elementor-element elementor-element-6bfcba0 elementor-section-boxed elementor-section-height-default elementor-section-height-default\" data-id=\"6bfcba0\" data-element_type=\"section\" data-e-type=\"section\">\n\t\t\t\t\t\t<div class=\"elementor-container elementor-column-gap-default\">\n\t\t\t\t\t<div class=\"elementor-column elementor-col-100 elementor-top-column elementor-element elementor-element-c4caf97\" data-id=\"c4caf97\" data-element_type=\"column\" data-e-type=\"column\">\n\t\t\t<div class=\"elementor-widget-wrap elementor-element-populated\">\n\t\t\t\t\t\t<div class=\"elementor-element elementor-element-ffdfb69 elementor-widget elementor-widget-heading\" data-id=\"ffdfb69\" data-element_type=\"widget\" data-e-type=\"widget\" data-widget_type=\"heading.default\">\n\t\t\t\t<div class=\"elementor-widget-container\">\n\t\t\t\t\t<h2 class=\"elementor-heading-title elementor-size-default\">Talleres Alonso &amp; Moya<\/h2>\t\t\t\t<\/div>\n\t\t\t\t<\/div>\n\t\t\t\t\t<\/div>\n\t\t<\/div>\n\t\t\t\t\t<\/div>\n\t\t<\/section>\n\t\t\t\t<section class=\"elementor-section elementor-top-section elementor-element elementor-element-d064e87 elementor-section-boxed elementor-section-height-default elementor-section-height-default\" data-id=\"d064e87\" data-element_type=\"section\" data-e-type=\"section\">\n\t\t\t\t\t\t<div class=\"elementor-container elementor-column-gap-default\">\n\t\t\t\t\t<div class=\"elementor-column elementor-col-50 elementor-top-column elementor-element elementor-element-f25213e\" data-id=\"f25213e\" data-element_type=\"column\" data-e-type=\"column\">\n\t\t\t<div class=\"elementor-widget-wrap elementor-element-populated\">\n\t\t\t\t\t\t<div class=\"elementor-element elementor-element-dce189e elementor-widget elementor-widget-image\" data-id=\"dce189e\" data-element_type=\"widget\" data-e-type=\"widget\" data-widget_type=\"image.default\">\n\t\t\t\t<div class=\"elementor-widget-container\">\n\t\t\t\t\t\t\t\t\t\t\t\t\t\t\t<img decoding=\"async\" src=\"https:\/\/talleresalonso.com\/wp-content\/uploads\/elementor\/thumbs\/Q-somos-q8lbjtbsmmjmzjdv2aob202zp40optvcn2d34gdbto.jpg\" title=\"Q somos\" alt=\"Q somos\" loading=\"lazy\" \/>\t\t\t\t\t\t\t\t\t\t\t\t\t\t\t<\/div>\n\t\t\t\t<\/div>\n\t\t\t\t\t<\/div>\n\t\t<\/div>\n\t\t\t\t<div class=\"elementor-column elementor-col-50 elementor-top-column elementor-element elementor-element-d561974\" data-id=\"d561974\" data-element_type=\"column\" data-e-type=\"column\">\n\t\t\t<div class=\"elementor-widget-wrap elementor-element-populated\">\n\t\t\t\t\t\t<div class=\"elementor-element elementor-element-77d5382 elementor-widget elementor-widget-text-editor\" data-id=\"77d5382\" data-element_type=\"widget\" data-e-type=\"widget\" data-widget_type=\"text-editor.default\">\n\t\t\t\t<div class=\"elementor-widget-container\">\n\t\t\t\t\t\t\t\t\t<p style=\"margin-bottom: 1em; color: #444444; font-family: Lato, sans-serif; font-size: 17.85px; background-color: #ffffff; text-align: justify; -webkit-print-color-adjust: exact !important;\">En Talleres Alonso &amp; Moya llevamos 37 a\u00f1os cuidando de su seguridad y la de los suyos. Nuestro taller en Madrid dispone de amplias y modernas instalaciones para acometer la reparaci\u00f3n y mantenimiento de su veh\u00edculo con las m\u00e1ximas garant\u00edas.<\/p>\n<p style=\"margin-bottom: 1em; color: #444444; font-family: Lato, sans-serif; font-size: 17.85px; background-color: #ffffff; text-align: justify; -webkit-print-color-adjust: exact !important;\">En 1100 m2 de instalaciones repartidos en varias naves, abarcamos todos los servicios que precise su coche: mec\u00e1nica b\u00e1sica, mec\u00e1nica expr\u00e9s, electricidad, carrocer\u00eda, Pre-itv, cambio de neum\u00e1ticos\u2026 Conf\u00ede en nuestra demostrada experiencia para garantizar el \u00f3ptimo estado de su coche.<\/p>\n<p style=\"margin-bottom: 1em; color: #444444; font-family: Lato, sans-serif; font-size: 17.85px; background-color: #ffffff; text-align: justify; -webkit-print-color-adjust: exact !important;\">Como taller multimarca ofrecemos soluciones para todo tipo de fabricantes, pero si busca un taller en Madrid, en Talleres Alonso &amp; Moya realizamos el servicio t\u00e9cnico oficial y chequeo de veh\u00edculos.<\/p>\n<p style=\"margin-bottom: 1em; color: #444444; font-family: Lato, sans-serif; font-size: 17.85px; background-color: #ffffff; text-align: justify; -webkit-print-color-adjust: exact !important;\">La empresa de origen familiar consta de dos talleres asentados en las mismas instalaciones: Talleres FREMARK, Bosch Car Service y Talleres Alonso &amp; Moya, en Madrid.<\/p>\n<p style=\"margin-bottom: 1em; color: #444444; font-family: Lato, sans-serif; font-size: 17.85px; background-color: #ffffff; text-align: justify; -webkit-print-color-adjust: exact !important;\">Seguridad, rapidez y eficacia, un completo servicio hecho a su medida<\/p>\t\t\t\t\t\t\t\t<\/div>\n\t\t\t\t<\/div>\n\t\t\t\t\t<\/div>\n\t\t<\/div>\n\t\t\t\t\t<\/div>\n\t\t<\/section>\n\t\t\t\t<section class=\"elementor-section elementor-top-section elementor-element elementor-element-56835f9 elementor-section-boxed elementor-section-height-default elementor-section-height-default\" data-id=\"56835f9\" data-element_type=\"section\" data-e-type=\"section\">\n\t\t\t\t\t\t<div class=\"elementor-container elementor-column-gap-default\">\n\t\t\t\t\t<div class=\"elementor-column elementor-col-100 elementor-top-column elementor-element elementor-element-f3248a4\" data-id=\"f3248a4\" data-element_type=\"column\" data-e-type=\"column\">\n\t\t\t<div class=\"elementor-widget-wrap elementor-element-populated\">\n\t\t\t\t\t\t<div class=\"elementor-element elementor-element-5e4ffe7 elementor-widget elementor-widget-image\" data-id=\"5e4ffe7\" data-element_type=\"widget\" data-e-type=\"widget\" data-widget_type=\"image.default\">\n\t\t\t\t<div class=\"elementor-widget-container\">\n\t\t\t\t\t\t\t\t\t\t\t\t\t\t\t<img fetchpriority=\"high\" decoding=\"async\" width=\"612\" height=\"405\" src=\"https:\/\/talleresalonso.com\/wp-content\/uploads\/2023\/06\/Taller-mecanico.jpg\" class=\"attachment-full size-full wp-image-193\" alt=\"\" srcset=\"https:\/\/talleresalonso.com\/wp-content\/uploads\/2023\/06\/Taller-mecanico.jpg 612w, https:\/\/talleresalonso.com\/wp-content\/uploads\/2023\/06\/Taller-mecanico-300x199.jpg 300w\" sizes=\"(max-width: 612px) 100vw, 612px\" \/>\t\t\t\t\t\t\t\t\t\t\t\t\t\t\t<\/div>\n\t\t\t\t<\/div>\n\t\t\t\t\t<\/div>\n\t\t<\/div>\n\t\t\t\t\t<\/div>\n\t\t<\/section>\n\t\t\t\t<\/div>\n\t\t","protected":false},"excerpt":{"rendered":"<p>Talleres Alonso &amp; Moya En Talleres Alonso &amp; Moya llevamos 37 a\u00f1os cuidando de su seguridad y la de los suyos. Nuestro taller en Madrid dispone de amplias y modernas instalaciones para acometer la reparaci\u00f3n y mantenimiento de su veh\u00edculo con las m\u00e1ximas garant\u00edas. En 1100 m2 de instalaciones repartidos en varias naves, abarcamos todos [&hellip;]<\/p>\n","protected":false},"author":1,"featured_media":0,"parent":0,"menu_order":0,"comment_status":"closed","ping_status":"closed","template":"","meta":{"_kadence_starter_templates_imported_post":false,"footnotes":""},"class_list":["post-137","page","type-page","status-publish","hentry"],"_links":{"self":[{"href":"https:\/\/talleresalonso.com\/index.php?rest_route=\/wp\/v2\/pages\/137","targetHints":{"allow":["GET"]}}],"collection":[{"href":"https:\/\/talleresalonso.com\/index.php?rest_route=\/wp\/v2\/pages"}],"about":[{"href":"https:\/\/talleresalonso.com\/index.php?rest_route=\/wp\/v2\/types\/page"}],"author":[{"embeddable":true,"href":"https:\/\/talleresalonso.com\/index.php?rest_route=\/wp\/v2\/users\/1"}],"replies":[{"embeddable":true,"href":"https:\/\/talleresalonso.com\/index.php?rest_route=%2Fwp%2Fv2%2Fcomments&post=137"}],"version-history":[{"count":0,"href":"https:\/\/talleresalonso.com\/index.php?rest_route=\/wp\/v2\/pages\/137\/revisions"}],"wp:attachment":[{"href":"https:\/\/talleresalonso.com\/index.php?rest_route=%2Fwp%2Fv2%2Fmedia&parent=137"}],"curies":[{"name":"wp","href":"https:\/\/api.w.org\/{rel}","templated":true}]}}